{"id":70,"date":"2014-11-30T09:48:06","date_gmt":"2014-11-30T09:48:06","guid":{"rendered":"http:\/\/christosclairis.fr\/?page_id=70"},"modified":"2015-01-16T11:27:20","modified_gmt":"2015-01-16T10:27:20","slug":"divers","status":"publish","type":"page","link":"http:\/\/christosclairis.fr\/fr_FR\/publications\/divers\/","title":{"rendered":"Divers"},"content":{"rendered":"<ul>\n<li style=\"text-align: justify;\">2013, \u0397 \u03c0\u03b1\u03b9\u03b4\u03b5\u1f77\u03b1 \u03c3\u03c4\u03b7\u03bd \u03a0\u1f79\u03bb\u03b7, <em>\u039f <\/em><em>\u03a0\u03bf\u03bb\u1f77\u03c4\u03b7\u03c2, <\/em><em>\u0391\u03bd\u03b5\u03be\u1f00\u03c1\u03c4\u03b7\u03c4\u03b7 <\/em><em>\u03c0\u03bf\u03bb\u03b9\u03c4\u03b9\u03ba\u1f75 <\/em><em>\u03b5\u03b9\u03b4\u03b7\u03c3\u03b5\u03bf\u03b3\u03c1\u03b1\u03c6\u03b9\u03ba\u1f75 <\/em><em>\u03ba\u03b1\u03b9 <\/em><em>\u03ba\u03bf\u03b9\u03bd\u03c9\u03bd\u03b9\u03ba\u1f75 <\/em><em>\u03b5\u03c6\u03b7\u03bc\u03b5\u03c1\u1f77\u03b4\u03b1 <\/em><em>\u03c4\u03c9\u03bd <\/em><em>\u039a\u03c9\u03bd\u03c3\u03c4\u03b1\u03bd\u03c4\u03b9\u03bd\u03bf\u03c5\u03c0\u03bf\u03bb\u03b9\u03c4\u1f7d\u03bd<\/em>, 551, \u0391\u03b8\u1f75\u03bd\u03b1, \u03c3\u03b5\u03bb. 7, 8, 28.<\/li>\n<\/ul>\n<ul style=\"text-align: justify;\">\n<li>2011, avec Denis COSTAOUEC, Jean-Baptiste COYOS, B\u00e9atrice JEANNOT-FOURCAUD, (\u00c9diteurs), <em>Langues et cultures r\u00e9gionales de France. Dix ans apr\u00e8s. Cadre l\u00e9gal, politiques, m\u00e9dias,<\/em> Paris, L&#8217;Harmattan, 256\u00a0p.<\/li>\n<\/ul>\n<ul style=\"text-align: justify;\">\n<li>2010, (sous la dir.), <em>Vari\u00e9t\u00e9s et enjeux du plurilinguisme,<\/em> Paris, L&#8217;Harmattan, 136\u00a0p.<\/li>\n<\/ul>\n<ul style=\"text-align: justify;\">\n<li>2009, avec Fran\u00e7ois F\u00c9DIER (sous la direction), <em>S\u00e9minaire sur le Sophiste<\/em> (Sorbonne 2007-2008), Escuela de Arquitectura y Dise\u00f1o, Pontificia Universidad Cat\u00f3lica de Valpara\u00edso, 159\u00a0p.<\/li>\n<\/ul>\n<ul style=\"text-align: justify;\">\n<li>2008, \u03a3\u03c5\u03bd\u03b4\u03b5\u03c4\u03b9\u03ba\u03ae \u03c3\u03cd\u03bd\u03c4\u03b1\u03be\u03b7 \u03c4\u03ae\u03c2 \u03c4\u03bf\u03c5\u03c1\u03ba\u03b9\u03ba\u03ae\u03c2 (Syntaxe connective du turc),<em> \u0393\u03bb\u03ce\u03c3\u03c3\u03b7\u03c2 \u03c7\u03ac\u03c1\u03b9\u03bd <\/em>(vol. d&#8217;hommage \u00e0 G. BABINIOTIS), Ath\u00e8nes, Ellinika Grammata, p.\u00a033-40.<\/li>\n<\/ul>\n<ul style=\"text-align: justify;\">\n<li>2005, \u00c0 propos de la terminologie ou Berke Vardar comme fondateur, <em>Dilbilim,<\/em> XIV, Istanbul, Universit\u00e9 d\u2019Istanbul, p.\u00a029-39.<\/li>\n<\/ul>\n<ul style=\"text-align: justify;\">\n<li>2005, Le syst\u00e8me verbal du turc, <em>Dilbilim,<\/em> XIII, Istanbul, Universit\u00e9 d\u2019Istanbul, p.\u00a0131-138.<\/li>\n<\/ul>\n<ul style=\"text-align: justify;\">\n<li>2000, Pr\u00e9sentation, <em>Langues et cultures r\u00e9gionales de France. \u00c9tat des lieux, enseignement, politiques,<\/em> Paris, L&#8217;Harmattan, p.\u00a019-23.<\/li>\n<\/ul>\n<ul style=\"text-align: justify;\">\n<li>2000, (coord.) avec Denis COSTAOUEC, Jean-Baptiste COYOS, <em>Langues et cultures r\u00e9gionales de France. \u00c9tat des lieux, enseignement, politiques,<\/em> Paris, L&#8217;Harmattan, 272\u00a0p.<\/li>\n<\/ul>\n<ul style=\"text-align: justify;\">\n<li>1996, La r\u00e9forme linguistique en Turquie, <em>La Bretagne Linguistique, Cahiers du Groupe de Recherche sur l&#8217;\u00e9conomie linguistique de la Bretagne,<\/em> vol. 10, Actes du colloque \u00abBadume\u2014Standard\u2014Norme. Le double jeu de la langue\u00bb, 2-4 juin 1994, Centre de Recherche Bretonne et Celtique (URA 374 du CNRS), Universit\u00e9 de Bretagne Occidentale, Brest, p. 153-158.<\/li>\n<\/ul>\n<ul style=\"text-align: justify;\">\n<li>1990, Yurt d\u0131\u015f\u0131ndaki Berke Vardar, <em>T.C.I.\u00dc. Atat\u00fcrk ilkeleri ve inkil\u00e2p tarihi enstit\u00fcs\u00fc y\u0131ll\u0131\u011f\u0131, <\/em>V, Istanbul, Universit\u00e9 d\u2019Istanbul, p. 53-54.<\/li>\n<\/ul>\n<ul style=\"text-align: justify;\">\n<li>1984,\u0393\u03bb\u03ce\u03c3\u03c3\u03b1 \u03ba\u03b1\u03b9 \u03c0\u03bf\u03bb\u03c5\u03b3\u03bb\u03c9\u03c3\u03c3\u03af\u03b1 (Langue et polyglossie), <em>\u0391\u03bd\u03c4\u03af,<\/em> 270, Ath\u00e8nes, p. 44-45.<\/li>\n<\/ul>\n<ul style=\"text-align: justify;\">\n<li>1980, Contribution au th\u00e8me &#8220;Le r\u00f4le du linguiste dans la soci\u00e9t\u00e9&#8221;, <em>Actes du 6\u00e8me Colloque International de Linguistique Fonctionnelle,<\/em> Rabat, p. 19-35.<\/li>\n<\/ul>\n<ul style=\"text-align: justify;\">\n<li>1971, avec Alfonso GOMEZ-LOBO, <em>Preparaci\u00f3n de un manuscrito,<\/em> Ediciones Universitarias de Valpara\u00edso, Valpara\u00edso, 14\u00a0p.<\/li>\n<\/ul>\n<ul style=\"text-align: justify;\">\n<li>\u00a0<em>Musiques de l&#8217;\u00eele de P\u00e2ques,<\/em> Paris, Soci\u00e9t\u00e9 Fran\u00e7aise de Productions Phonographiques (Disque ethnologique avec texte d&#8217;introduction). <a title=\"Ile de P\u00e2ques\" href=\"http:\/\/christosclairis.fr\/archives-sonores\/ile-de-paques\/\" target=\"_blank\">audio<\/a><\/li>\n<\/ul>\n<ul>\n<li style=\"text-align: justify;\">1971, Olympiques de Pindare (\u00e9dition bilingue, traduit du grec avec Michel DEGUY, Fran\u00e7ois FEDIER et Godofredo IOMMI), <em>Revue de Po\u00e9sie,<\/em> 40, Bordeaux, Ducros, 1971, 172\u00a0p.<\/li>\n<\/ul>\n","protected":false},"excerpt":{"rendered":"<p>2013, \u0397 \u03c0\u03b1\u03b9\u03b4\u03b5\u1f77\u03b1 \u03c3\u03c4\u03b7\u03bd \u03a0\u1f79\u03bb\u03b7, \u039f \u03a0\u03bf\u03bb\u1f77\u03c4\u03b7\u03c2, \u0391\u03bd\u03b5\u03be\u1f00\u03c1\u03c4\u03b7\u03c4\u03b7 \u03c0\u03bf\u03bb\u03b9\u03c4\u03b9\u03ba\u1f75 \u03b5\u03b9\u03b4\u03b7\u03c3\u03b5\u03bf\u03b3\u03c1\u03b1\u03c6\u03b9\u03ba\u1f75 \u03ba\u03b1\u03b9 \u03ba\u03bf\u03b9\u03bd\u03c9\u03bd\u03b9\u03ba\u1f75 \u03b5\u03c6\u03b7\u03bc\u03b5\u03c1\u1f77\u03b4\u03b1 \u03c4\u03c9\u03bd \u039a\u03c9\u03bd\u03c3\u03c4\u03b1\u03bd\u03c4\u03b9\u03bd\u03bf\u03c5\u03c0\u03bf\u03bb\u03b9\u03c4\u1f7d\u03bd, 551, \u0391\u03b8\u1f75\u03bd\u03b1, \u03c3\u03b5\u03bb. 7, 8, 28. 2011, avec Denis COSTAOUEC, Jean-Baptiste COYOS, B\u00e9atrice JEANNOT-FOURCAUD, (\u00c9diteurs), Langues et cultures r\u00e9gionales de France. Dix ans apr\u00e8s. Cadre &hellip; <a href=\"http:\/\/christosclairis.fr\/fr_FR\/publications\/divers\/\">Continuer la lecture <span class=\"meta-nav\">&rarr;<\/span><\/a><\/p>\n","protected":false},"author":2,"featured_media":0,"parent":8,"menu_order":0,"comment_status":"open","ping_status":"open","template":"","meta":[],"_links":{"self":[{"href":"http:\/\/christosclairis.fr\/fr_FR\/wp-json\/wp\/v2\/pages\/70"}],"collection":[{"href":"http:\/\/christosclairis.fr\/fr_FR\/wp-json\/wp\/v2\/pages"}],"about":[{"href":"http:\/\/christosclairis.fr\/fr_FR\/wp-json\/wp\/v2\/types\/page"}],"author":[{"embeddable":true,"href":"http:\/\/christosclairis.fr\/fr_FR\/wp-json\/wp\/v2\/users\/2"}],"replies":[{"embeddable":true,"href":"http:\/\/christosclairis.fr\/fr_FR\/wp-json\/wp\/v2\/comments?post=70"}],"version-history":[{"count":6,"href":"http:\/\/christosclairis.fr\/fr_FR\/wp-json\/wp\/v2\/pages\/70\/revisions"}],"predecessor-version":[{"id":534,"href":"http:\/\/christosclairis.fr\/fr_FR\/wp-json\/wp\/v2\/pages\/70\/revisions\/534"}],"up":[{"embeddable":true,"href":"http:\/\/christosclairis.fr\/fr_FR\/wp-json\/wp\/v2\/pages\/8"}],"wp:attachment":[{"href":"http:\/\/christosclairis.fr\/fr_FR\/wp-json\/wp\/v2\/media?parent=70"}],"curies":[{"name":"wp","href":"https:\/\/api.w.org\/{rel}","templated":true}]}}